{"id":5555,"date":"2022-06-10T09:41:52","date_gmt":"2022-06-10T07:41:52","guid":{"rendered":"https:\/\/demex.lilyweb.fr\/produit\/blomkal\/"},"modified":"2022-06-10T09:41:52","modified_gmt":"2022-06-10T07:41:52","slug":"blomkal","status":"publish","type":"product","link":"https:\/\/www.demex.fr\/sv\/produkt\/blomkal\/","title":{"rendered":"Blomk\u00e5l"},"content":{"rendered":"<p><span class=\"normal\"><strong>Ursprung<\/strong> :<br \/>\n Frankrike, Bretagne och Hauts-de-France<br \/>\n<\/span>Finns ocks\u00e5 f\u00e4rgglada<br \/>\n5 500 ton saluf\u00f6rda<\/p>\n<dl class=\"infos_techniques\">\n<dt><strong>Kaliber<\/strong> :<br \/>\n11 huvuden<br \/>\n<label for=\"calibre23\">6 huvuden<br \/>\n<\/label> <label for=\"calibre22\">8 huvuden<\/label><\/dt>\n<\/dl>\n<p><strong>F\u00f6rpackning<\/strong> :<br \/>\n<label for=\"emballage7\">Kartongf\u00f6rpackning x6 eller x8<br \/>\n<\/label> <label for=\"emballage8\">Tr\u00e4paket x6 eller x8<\/label><\/p>\n<p><span class=\"normal\"><strong>Kulinarisk aspekt<\/strong> :<br \/>\nSk\u00f6lj det och separera sedan buketterna. Enligt dina \u00f6nskem\u00e5l: r\u00e5 (som aperitif) eller kokt. Tillagning 15 min i kokande vatten eller 5 min \u00e5ngkokning.<br \/>\n<\/span><\/p>\n<p><strong>Smakaspekt<\/strong> :<strong><br \/>\n<\/strong><span class=\"normal\">Blomk\u00e5l \u00e4r mycket rik p\u00e5 fiber. Intaget av vitaminer \u00e4r signifikant f\u00f6r vitaminerna C och B. N\u00e4r det g\u00e4ller mineraler kommer det fr\u00e4mst att vara magnesium och kalcium.<\/span><\/p>\n","protected":false},"excerpt":{"rendered":"<p>Ursprung : Frankrike, Bretagne och Hauts-de-France Finns ocks\u00e5 f\u00e4rgglada 5 500 ton saluf\u00f6rda Kaliber : 11 huvuden 6 huvuden 8 huvuden F\u00f6rpackning : Kartongf\u00f6rpackning x6 eller x8 Tr\u00e4paket x6 eller x8 Kulinarisk aspekt : Sk\u00f6lj det och separera sedan buketterna. Enligt dina \u00f6nskem\u00e5l: r\u00e5 (som&#8230;<\/p>\n","protected":false},"featured_media":4320,"template":"","meta":[],"product_cat":[181],"product_tag":[],"class_list":["post-5555","product","type-product","status-publish","has-post-thumbnail","hentry","product_cat-gronsaker"],"yoast_head":"<!-- This site is optimized with the Yoast SEO plugin v21.2 - https:\/\/yoast.com\/wordpress\/plugins\/seo\/ -->\n<title>Blomk\u00e5l, export till v\u00e4rldsmarknaden | DEMEX<\/title>\n<meta name=\"robots\" content=\"index, follow, max-snippet:-1, max-image-preview:large, max-video-preview:-1\" \/>\n<link rel=\"canonical\" href=\"https:\/\/www.demex.fr\/sv\/produkt\/blomkal\/\" \/>\n<meta property=\"og:locale\" content=\"sv_SE\" \/>\n<meta property=\"og:type\" content=\"article\" \/>\n<meta property=\"og:title\" content=\"Blomk\u00e5l, export till v\u00e4rldsmarknaden | DEMEX\" \/>\n<meta property=\"og:description\" content=\"Ursprung : Frankrike, Bretagne och Hauts-de-France Finns ocks\u00e5 f\u00e4rgglada 5 500 ton saluf\u00f6rda Kaliber : 11 huvuden 6 huvuden 8 huvuden F\u00f6rpackning : Kartongf\u00f6rpackning x6 eller x8 Tr\u00e4paket x6 eller x8 Kulinarisk aspekt : Sk\u00f6lj det och separera sedan buketterna. Enligt dina \u00f6nskem\u00e5l: r\u00e5 (som...\" \/>\n<meta property=\"og:url\" content=\"https:\/\/www.demex.fr\/sv\/produkt\/blomkal\/\" \/>\n<meta property=\"og:site_name\" content=\"DEMEX\" \/>\n<meta property=\"article:publisher\" content=\"https:\/\/fr-fr.facebook.com\/people\/DEMEX-Potatoes-Vegetables\/100071674261658\/\" \/>\n<meta property=\"og:image\" content=\"https:\/\/www.demex.fr\/wp-content\/uploads\/2022\/06\/chou-fleur.jpg\" \/>\n\t<meta property=\"og:image:width\" content=\"600\" \/>\n\t<meta property=\"og:image:height\" content=\"600\" \/>\n\t<meta property=\"og:image:type\" content=\"image\/jpeg\" \/>\n<meta name=\"twitter:card\" content=\"summary_large_image\" \/>\n<script type=\"application\/ld+json\" class=\"yoast-schema-graph\">{\"@context\":\"https:\/\/schema.org\",\"@graph\":[{\"@type\":\"WebPage\",\"@id\":\"https:\/\/www.demex.fr\/sv\/produkt\/blomkal\/\",\"url\":\"https:\/\/www.demex.fr\/sv\/produkt\/blomkal\/\",\"name\":\"Blomk\u00e5l, export till v\u00e4rldsmarknaden | DEMEX\",\"isPartOf\":{\"@id\":\"https:\/\/www.demex.fr\/sv\/#website\"},\"datePublished\":\"2022-06-10T07:41:52+00:00\",\"dateModified\":\"2022-06-10T07:41:52+00:00\",\"breadcrumb\":{\"@id\":\"https:\/\/www.demex.fr\/sv\/produkt\/blomkal\/#breadcrumb\"},\"inLanguage\":\"sv-SE\",\"potentialAction\":[{\"@type\":\"ReadAction\",\"target\":[\"https:\/\/www.demex.fr\/sv\/produkt\/blomkal\/\"]}]},{\"@type\":\"BreadcrumbList\",\"@id\":\"https:\/\/www.demex.fr\/sv\/produkt\/blomkal\/#breadcrumb\",\"itemListElement\":[{\"@type\":\"ListItem\",\"position\":1,\"name\":\"Accueil\",\"item\":\"https:\/\/www.demex.fr\/sv\/\"},{\"@type\":\"ListItem\",\"position\":2,\"name\":\"V\u00e5ra produkter\",\"item\":\"https:\/\/www.demex.fr\/sv\/vara-produkter\/\"},{\"@type\":\"ListItem\",\"position\":3,\"name\":\"Blomk\u00e5l\"}]},{\"@type\":\"WebSite\",\"@id\":\"https:\/\/www.demex.fr\/sv\/#website\",\"url\":\"https:\/\/www.demex.fr\/sv\/\",\"name\":\"DEMEX\",\"description\":\"N\u00e9goce-Conditionneur en Pommes de terre\",\"publisher\":{\"@id\":\"https:\/\/www.demex.fr\/sv\/#organization\"},\"potentialAction\":[{\"@type\":\"SearchAction\",\"target\":{\"@type\":\"EntryPoint\",\"urlTemplate\":\"https:\/\/www.demex.fr\/sv\/?s={search_term_string}\"},\"query-input\":\"required name=search_term_string\"}],\"inLanguage\":\"sv-SE\"},{\"@type\":\"Organization\",\"@id\":\"https:\/\/www.demex.fr\/sv\/#organization\",\"name\":\"DEMEX\",\"url\":\"https:\/\/www.demex.fr\/sv\/\",\"logo\":{\"@type\":\"ImageObject\",\"inLanguage\":\"sv-SE\",\"@id\":\"https:\/\/www.demex.fr\/sv\/#\/schema\/logo\/image\/\",\"url\":\"https:\/\/demex.lilyweb.fr\/wp-content\/uploads\/2022\/02\/logo-Demex.png\",\"contentUrl\":\"https:\/\/demex.lilyweb.fr\/wp-content\/uploads\/2022\/02\/logo-Demex.png\",\"width\":145,\"height\":63,\"caption\":\"DEMEX\"},\"image\":{\"@id\":\"https:\/\/www.demex.fr\/sv\/#\/schema\/logo\/image\/\"},\"sameAs\":[\"https:\/\/fr-fr.facebook.com\/people\/DEMEX-Potatoes-Vegetables\/100071674261658\/\"]}]}<\/script>\n<!-- \/ Yoast SEO plugin. -->","yoast_head_json":{"title":"Blomk\u00e5l, export till v\u00e4rldsmarknaden | DEMEX","robots":{"index":"index","follow":"follow","max-snippet":"max-snippet:-1","max-image-preview":"max-image-preview:large","max-video-preview":"max-video-preview:-1"},"canonical":"https:\/\/www.demex.fr\/sv\/produkt\/blomkal\/","og_locale":"sv_SE","og_type":"article","og_title":"Blomk\u00e5l, export till v\u00e4rldsmarknaden | DEMEX","og_description":"Ursprung : Frankrike, Bretagne och Hauts-de-France Finns ocks\u00e5 f\u00e4rgglada 5 500 ton saluf\u00f6rda Kaliber : 11 huvuden 6 huvuden 8 huvuden F\u00f6rpackning : Kartongf\u00f6rpackning x6 eller x8 Tr\u00e4paket x6 eller x8 Kulinarisk aspekt : Sk\u00f6lj det och separera sedan buketterna. Enligt dina \u00f6nskem\u00e5l: r\u00e5 (som...","og_url":"https:\/\/www.demex.fr\/sv\/produkt\/blomkal\/","og_site_name":"DEMEX","article_publisher":"https:\/\/fr-fr.facebook.com\/people\/DEMEX-Potatoes-Vegetables\/100071674261658\/","og_image":[{"width":600,"height":600,"url":"https:\/\/www.demex.fr\/wp-content\/uploads\/2022\/06\/chou-fleur.jpg","type":"image\/jpeg"}],"twitter_card":"summary_large_image","schema":{"@context":"https:\/\/schema.org","@graph":[{"@type":"WebPage","@id":"https:\/\/www.demex.fr\/sv\/produkt\/blomkal\/","url":"https:\/\/www.demex.fr\/sv\/produkt\/blomkal\/","name":"Blomk\u00e5l, export till v\u00e4rldsmarknaden | DEMEX","isPartOf":{"@id":"https:\/\/www.demex.fr\/sv\/#website"},"datePublished":"2022-06-10T07:41:52+00:00","dateModified":"2022-06-10T07:41:52+00:00","breadcrumb":{"@id":"https:\/\/www.demex.fr\/sv\/produkt\/blomkal\/#breadcrumb"},"inLanguage":"sv-SE","potentialAction":[{"@type":"ReadAction","target":["https:\/\/www.demex.fr\/sv\/produkt\/blomkal\/"]}]},{"@type":"BreadcrumbList","@id":"https:\/\/www.demex.fr\/sv\/produkt\/blomkal\/#breadcrumb","itemListElement":[{"@type":"ListItem","position":1,"name":"Accueil","item":"https:\/\/www.demex.fr\/sv\/"},{"@type":"ListItem","position":2,"name":"V\u00e5ra produkter","item":"https:\/\/www.demex.fr\/sv\/vara-produkter\/"},{"@type":"ListItem","position":3,"name":"Blomk\u00e5l"}]},{"@type":"WebSite","@id":"https:\/\/www.demex.fr\/sv\/#website","url":"https:\/\/www.demex.fr\/sv\/","name":"DEMEX","description":"N\u00e9goce-Conditionneur en Pommes de terre","publisher":{"@id":"https:\/\/www.demex.fr\/sv\/#organization"},"potentialAction":[{"@type":"SearchAction","target":{"@type":"EntryPoint","urlTemplate":"https:\/\/www.demex.fr\/sv\/?s={search_term_string}"},"query-input":"required name=search_term_string"}],"inLanguage":"sv-SE"},{"@type":"Organization","@id":"https:\/\/www.demex.fr\/sv\/#organization","name":"DEMEX","url":"https:\/\/www.demex.fr\/sv\/","logo":{"@type":"ImageObject","inLanguage":"sv-SE","@id":"https:\/\/www.demex.fr\/sv\/#\/schema\/logo\/image\/","url":"https:\/\/demex.lilyweb.fr\/wp-content\/uploads\/2022\/02\/logo-Demex.png","contentUrl":"https:\/\/demex.lilyweb.fr\/wp-content\/uploads\/2022\/02\/logo-Demex.png","width":145,"height":63,"caption":"DEMEX"},"image":{"@id":"https:\/\/www.demex.fr\/sv\/#\/schema\/logo\/image\/"},"sameAs":["https:\/\/fr-fr.facebook.com\/people\/DEMEX-Potatoes-Vegetables\/100071674261658\/"]}]}},"_links":{"self":[{"href":"https:\/\/www.demex.fr\/sv\/wp-json\/wp\/v2\/product\/5555","targetHints":{"allow":["GET"]}}],"collection":[{"href":"https:\/\/www.demex.fr\/sv\/wp-json\/wp\/v2\/product"}],"about":[{"href":"https:\/\/www.demex.fr\/sv\/wp-json\/wp\/v2\/types\/product"}],"wp:featuredmedia":[{"embeddable":true,"href":"https:\/\/www.demex.fr\/sv\/wp-json\/wp\/v2\/media\/4320"}],"wp:attachment":[{"href":"https:\/\/www.demex.fr\/sv\/wp-json\/wp\/v2\/media?parent=5555"}],"wp:term":[{"taxonomy":"product_cat","embeddable":true,"href":"https:\/\/www.demex.fr\/sv\/wp-json\/wp\/v2\/product_cat?post=5555"},{"taxonomy":"product_tag","embeddable":true,"href":"https:\/\/www.demex.fr\/sv\/wp-json\/wp\/v2\/product_tag?post=5555"}],"curies":[{"name":"wp","href":"https:\/\/api.w.org\/{rel}","templated":true}]}}