{"id":6112,"date":"2022-05-16T12:17:28","date_gmt":"2022-05-16T10:17:28","guid":{"rendered":"https:\/\/demex.lilyweb.fr\/produit\/porgand\/"},"modified":"2022-05-16T12:17:28","modified_gmt":"2022-05-16T10:17:28","slug":"porgand","status":"publish","type":"product","link":"https:\/\/www.demex.fr\/et\/toode\/porgand\/","title":{"rendered":"Porgand"},"content":{"rendered":"<p><span class=\"normal\"><strong>P\u00e4ritolu<\/strong> :<br \/>\nPrantsusmaa, Bretagne ja Hauts-de-France<br \/>\n<\/span><\/p>\n<dl class=\"infos_techniques\">\n<dt><strong>Pestavus<\/strong> :<br \/>\nPesta<\/dt>\n<\/dl>\n<p><strong>Kaliiber<\/strong> :<br \/>\n+40 mm, 25-30 mm, 25-35 mm, 25-40 mm<\/p>\n<p><strong>Pakend<\/strong> :<br \/>\nKandik 1kg<br \/>\nSuur kott: 1000 kg<br \/>\nPuidust kast 5, 12, 14kg<br \/>\nPapp pakend: 12 Kg<br \/>\nKilekott: 1\/2\/3\/5\/10 kg<\/p>\n<p><span class=\"normal\"><strong>Kulinaarne aspekt<\/strong> :<br \/>\nPorgand on v\u00e4ga rikas A-vitamiini (v\u00f5i karotiini) poolest, mis annab talle oma voorused nahale ja \u00f6isele n\u00e4gemisele. Mineraalide ja mikroelementide osas on selle panus kaaliumis m\u00e4rkimisv\u00e4\u00e4rne ning magneesiumis ja rauas m\u00e4rgatav.<br \/>\nUuringud n\u00e4itavad kaitsvat toimet v\u00f5rreldes teatud v\u00e4hkkasvajatega (eriti kopsudega).<br \/>\n<\/span><\/p>\n<p><strong>Maitse aspekt<\/strong> :<strong><br \/>\n<\/strong>Kriimustage seda (selle asemel, et seda koorida). Peske seda h\u00e4sti niriseva vee all, mitte leotage. Vastavalt teie soovidele: toores v\u00f5i keedetud. Keetmine 8 min aurutamist, 20\u201330 minutit l\u00e4mmatamist ja umbes 30 minutit keevas vees.<\/p>\n","protected":false},"excerpt":{"rendered":"<p>P\u00e4ritolu : Prantsusmaa, Bretagne ja Hauts-de-France Pestavus : Pesta Kaliiber : +40 mm, 25-30 mm, 25-35 mm, 25-40 mm Pakend : Kandik 1kg Suur kott: 1000 kg Puidust kast 5, 12, 14kg Papp pakend: 12 Kg Kilekott: 1\/2\/3\/5\/10 kg Kulinaarne aspekt : Porgand on v\u00e4ga&#8230;<\/p>\n","protected":false},"featured_media":2695,"template":"","meta":[],"product_cat":[150],"product_tag":[],"class_list":["post-6112","product","type-product","status-publish","has-post-thumbnail","hentry","product_cat-koogiviljad"],"yoast_head":"<!-- This site is optimized with the Yoast SEO plugin v21.2 - https:\/\/yoast.com\/wordpress\/plugins\/seo\/ -->\n<title>Porgand, eksportida maailmaturule | DEMEX<\/title>\n<meta name=\"robots\" content=\"index, follow, max-snippet:-1, max-image-preview:large, max-video-preview:-1\" \/>\n<link rel=\"canonical\" href=\"https:\/\/www.demex.fr\/et\/toode\/porgand\/\" \/>\n<meta property=\"og:locale\" content=\"et_EE\" \/>\n<meta property=\"og:type\" content=\"article\" \/>\n<meta property=\"og:title\" content=\"Porgand, eksportida maailmaturule | DEMEX\" \/>\n<meta property=\"og:description\" content=\"P\u00e4ritolu : Prantsusmaa, Bretagne ja Hauts-de-France Pestavus : Pesta Kaliiber : +40 mm, 25-30 mm, 25-35 mm, 25-40 mm Pakend : Kandik 1kg Suur kott: 1000 kg Puidust kast 5, 12, 14kg Papp pakend: 12 Kg Kilekott: 1\/2\/3\/5\/10 kg Kulinaarne aspekt : Porgand on v\u00e4ga...\" \/>\n<meta property=\"og:url\" content=\"https:\/\/www.demex.fr\/et\/toode\/porgand\/\" \/>\n<meta property=\"og:site_name\" content=\"DEMEX\" \/>\n<meta property=\"article:publisher\" content=\"https:\/\/fr-fr.facebook.com\/people\/DEMEX-Potatoes-Vegetables\/100071674261658\/\" \/>\n<meta property=\"og:image\" content=\"https:\/\/www.demex.fr\/wp-content\/uploads\/2022\/05\/carotte.jpg\" \/>\n\t<meta property=\"og:image:width\" content=\"425\" \/>\n\t<meta property=\"og:image:height\" content=\"425\" \/>\n\t<meta property=\"og:image:type\" content=\"image\/jpeg\" \/>\n<meta name=\"twitter:card\" content=\"summary_large_image\" \/>\n<meta name=\"twitter:label1\" content=\"Est. reading time\" \/>\n\t<meta name=\"twitter:data1\" content=\"1 minut\" \/>\n<script type=\"application\/ld+json\" class=\"yoast-schema-graph\">{\"@context\":\"https:\/\/schema.org\",\"@graph\":[{\"@type\":\"WebPage\",\"@id\":\"https:\/\/www.demex.fr\/et\/toode\/porgand\/\",\"url\":\"https:\/\/www.demex.fr\/et\/toode\/porgand\/\",\"name\":\"Porgand, eksportida maailmaturule | DEMEX\",\"isPartOf\":{\"@id\":\"https:\/\/www.demex.fr\/et\/#website\"},\"datePublished\":\"2022-05-16T10:17:28+00:00\",\"dateModified\":\"2022-05-16T10:17:28+00:00\",\"breadcrumb\":{\"@id\":\"https:\/\/www.demex.fr\/et\/toode\/porgand\/#breadcrumb\"},\"inLanguage\":\"et\",\"potentialAction\":[{\"@type\":\"ReadAction\",\"target\":[\"https:\/\/www.demex.fr\/et\/toode\/porgand\/\"]}]},{\"@type\":\"BreadcrumbList\",\"@id\":\"https:\/\/www.demex.fr\/et\/toode\/porgand\/#breadcrumb\",\"itemListElement\":[{\"@type\":\"ListItem\",\"position\":1,\"name\":\"Accueil\",\"item\":\"https:\/\/www.demex.fr\/et\/\"},{\"@type\":\"ListItem\",\"position\":2,\"name\":\"Meie tooted\",\"item\":\"https:\/\/www.demex.fr\/et\/meie-tooted\/\"},{\"@type\":\"ListItem\",\"position\":3,\"name\":\"Porgand\"}]},{\"@type\":\"WebSite\",\"@id\":\"https:\/\/www.demex.fr\/et\/#website\",\"url\":\"https:\/\/www.demex.fr\/et\/\",\"name\":\"DEMEX\",\"description\":\"N\u00e9goce-Conditionneur en Pommes de terre\",\"publisher\":{\"@id\":\"https:\/\/www.demex.fr\/et\/#organization\"},\"potentialAction\":[{\"@type\":\"SearchAction\",\"target\":{\"@type\":\"EntryPoint\",\"urlTemplate\":\"https:\/\/www.demex.fr\/et\/?s={search_term_string}\"},\"query-input\":\"required name=search_term_string\"}],\"inLanguage\":\"et\"},{\"@type\":\"Organization\",\"@id\":\"https:\/\/www.demex.fr\/et\/#organization\",\"name\":\"DEMEX\",\"url\":\"https:\/\/www.demex.fr\/et\/\",\"logo\":{\"@type\":\"ImageObject\",\"inLanguage\":\"et\",\"@id\":\"https:\/\/www.demex.fr\/et\/#\/schema\/logo\/image\/\",\"url\":\"https:\/\/demex.lilyweb.fr\/wp-content\/uploads\/2022\/02\/logo-Demex.png\",\"contentUrl\":\"https:\/\/demex.lilyweb.fr\/wp-content\/uploads\/2022\/02\/logo-Demex.png\",\"width\":145,\"height\":63,\"caption\":\"DEMEX\"},\"image\":{\"@id\":\"https:\/\/www.demex.fr\/et\/#\/schema\/logo\/image\/\"},\"sameAs\":[\"https:\/\/fr-fr.facebook.com\/people\/DEMEX-Potatoes-Vegetables\/100071674261658\/\"]}]}<\/script>\n<!-- \/ Yoast SEO plugin. -->","yoast_head_json":{"title":"Porgand, eksportida maailmaturule | DEMEX","robots":{"index":"index","follow":"follow","max-snippet":"max-snippet:-1","max-image-preview":"max-image-preview:large","max-video-preview":"max-video-preview:-1"},"canonical":"https:\/\/www.demex.fr\/et\/toode\/porgand\/","og_locale":"et_EE","og_type":"article","og_title":"Porgand, eksportida maailmaturule | DEMEX","og_description":"P\u00e4ritolu : Prantsusmaa, Bretagne ja Hauts-de-France Pestavus : Pesta Kaliiber : +40 mm, 25-30 mm, 25-35 mm, 25-40 mm Pakend : Kandik 1kg Suur kott: 1000 kg Puidust kast 5, 12, 14kg Papp pakend: 12 Kg Kilekott: 1\/2\/3\/5\/10 kg Kulinaarne aspekt : Porgand on v\u00e4ga...","og_url":"https:\/\/www.demex.fr\/et\/toode\/porgand\/","og_site_name":"DEMEX","article_publisher":"https:\/\/fr-fr.facebook.com\/people\/DEMEX-Potatoes-Vegetables\/100071674261658\/","og_image":[{"width":425,"height":425,"url":"https:\/\/www.demex.fr\/wp-content\/uploads\/2022\/05\/carotte.jpg","type":"image\/jpeg"}],"twitter_card":"summary_large_image","twitter_misc":{"Est. reading time":"1 minut"},"schema":{"@context":"https:\/\/schema.org","@graph":[{"@type":"WebPage","@id":"https:\/\/www.demex.fr\/et\/toode\/porgand\/","url":"https:\/\/www.demex.fr\/et\/toode\/porgand\/","name":"Porgand, eksportida maailmaturule | DEMEX","isPartOf":{"@id":"https:\/\/www.demex.fr\/et\/#website"},"datePublished":"2022-05-16T10:17:28+00:00","dateModified":"2022-05-16T10:17:28+00:00","breadcrumb":{"@id":"https:\/\/www.demex.fr\/et\/toode\/porgand\/#breadcrumb"},"inLanguage":"et","potentialAction":[{"@type":"ReadAction","target":["https:\/\/www.demex.fr\/et\/toode\/porgand\/"]}]},{"@type":"BreadcrumbList","@id":"https:\/\/www.demex.fr\/et\/toode\/porgand\/#breadcrumb","itemListElement":[{"@type":"ListItem","position":1,"name":"Accueil","item":"https:\/\/www.demex.fr\/et\/"},{"@type":"ListItem","position":2,"name":"Meie tooted","item":"https:\/\/www.demex.fr\/et\/meie-tooted\/"},{"@type":"ListItem","position":3,"name":"Porgand"}]},{"@type":"WebSite","@id":"https:\/\/www.demex.fr\/et\/#website","url":"https:\/\/www.demex.fr\/et\/","name":"DEMEX","description":"N\u00e9goce-Conditionneur en Pommes de terre","publisher":{"@id":"https:\/\/www.demex.fr\/et\/#organization"},"potentialAction":[{"@type":"SearchAction","target":{"@type":"EntryPoint","urlTemplate":"https:\/\/www.demex.fr\/et\/?s={search_term_string}"},"query-input":"required name=search_term_string"}],"inLanguage":"et"},{"@type":"Organization","@id":"https:\/\/www.demex.fr\/et\/#organization","name":"DEMEX","url":"https:\/\/www.demex.fr\/et\/","logo":{"@type":"ImageObject","inLanguage":"et","@id":"https:\/\/www.demex.fr\/et\/#\/schema\/logo\/image\/","url":"https:\/\/demex.lilyweb.fr\/wp-content\/uploads\/2022\/02\/logo-Demex.png","contentUrl":"https:\/\/demex.lilyweb.fr\/wp-content\/uploads\/2022\/02\/logo-Demex.png","width":145,"height":63,"caption":"DEMEX"},"image":{"@id":"https:\/\/www.demex.fr\/et\/#\/schema\/logo\/image\/"},"sameAs":["https:\/\/fr-fr.facebook.com\/people\/DEMEX-Potatoes-Vegetables\/100071674261658\/"]}]}},"_links":{"self":[{"href":"https:\/\/www.demex.fr\/et\/wp-json\/wp\/v2\/product\/6112","targetHints":{"allow":["GET"]}}],"collection":[{"href":"https:\/\/www.demex.fr\/et\/wp-json\/wp\/v2\/product"}],"about":[{"href":"https:\/\/www.demex.fr\/et\/wp-json\/wp\/v2\/types\/product"}],"wp:featuredmedia":[{"embeddable":true,"href":"https:\/\/www.demex.fr\/et\/wp-json\/wp\/v2\/media\/2695"}],"wp:attachment":[{"href":"https:\/\/www.demex.fr\/et\/wp-json\/wp\/v2\/media?parent=6112"}],"wp:term":[{"taxonomy":"product_cat","embeddable":true,"href":"https:\/\/www.demex.fr\/et\/wp-json\/wp\/v2\/product_cat?post=6112"},{"taxonomy":"product_tag","embeddable":true,"href":"https:\/\/www.demex.fr\/et\/wp-json\/wp\/v2\/product_tag?post=6112"}],"curies":[{"name":"wp","href":"https:\/\/api.w.org\/{rel}","templated":true}]}}