{"id":5751,"date":"2022-06-08T15:53:07","date_gmt":"2022-06-08T13:53:07","guid":{"rendered":"https:\/\/demex.lilyweb.fr\/produit\/cervene-zeli\/"},"modified":"2022-06-08T15:53:07","modified_gmt":"2022-06-08T13:53:07","slug":"cervene-zeli","status":"publish","type":"product","link":"https:\/\/www.demex.fr\/cs\/v\u00fdrobek\/cervene-zeli\/","title":{"rendered":"\u010cerven\u00e9 zel\u00ed"},"content":{"rendered":"<p><span class=\"normal\"><strong>P\u016fvod<\/strong> :<br \/>\nFrancie, Hauts-de-France<br \/>\n<\/span><\/p>\n<dl class=\"infos_techniques\">\n<dt><strong>R\u00e1\u017ee<\/strong> :<br \/>\n<label for=\"calibre56\">Pr\u016fm\u011br 11\/16 cm (st\u0159edn\u00ed)<\/label><br \/>\nPr\u016fm\u011br 14\/21 cm (velk\u00fd)<\/dt>\n<\/dl>\n<p><strong>Balen\u00ed<\/strong> :<br \/>\n<label for=\"emballage185\">S\u00ed\u0165 6\/8 kus\u016f<br \/>\nD\u0159ev\u011bn\u00fd bal\u00edk 6\/8 kus\u016f<br \/>\n<\/label><\/p>\n","protected":false},"excerpt":{"rendered":"<p>P\u016fvod : Francie, Hauts-de-France R\u00e1\u017ee : Pr\u016fm\u011br 11\/16 cm (st\u0159edn\u00ed) Pr\u016fm\u011br 14\/21 cm (velk\u00fd) Balen\u00ed : S\u00ed\u0165 6\/8 kus\u016f D\u0159ev\u011bn\u00fd bal\u00edk 6\/8 kus\u016f<\/p>\n","protected":false},"featured_media":4107,"template":"","meta":[],"product_cat":[148],"product_tag":[],"class_list":["post-5751","product","type-product","status-publish","has-post-thumbnail","hentry","product_cat-zelenina"],"yoast_head":"<!-- This site is optimized with the Yoast SEO plugin v21.2 - https:\/\/yoast.com\/wordpress\/plugins\/seo\/ -->\n<title>\u010cerven\u00e9 zel\u00ed,v\u00fdvoz na sv\u011btov\u00fd trh | DEMEX<\/title>\n<meta name=\"robots\" content=\"index, follow, max-snippet:-1, max-image-preview:large, max-video-preview:-1\" \/>\n<link rel=\"canonical\" href=\"https:\/\/www.demex.fr\/cs\/v\u00fdrobek\/cervene-zeli\/\" \/>\n<meta property=\"og:locale\" content=\"cs_CZ\" \/>\n<meta property=\"og:type\" content=\"article\" \/>\n<meta property=\"og:title\" content=\"\u010cerven\u00e9 zel\u00ed,v\u00fdvoz na sv\u011btov\u00fd trh | DEMEX\" \/>\n<meta property=\"og:description\" content=\"P\u016fvod : Francie, Hauts-de-France R\u00e1\u017ee : Pr\u016fm\u011br 11\/16 cm (st\u0159edn\u00ed) Pr\u016fm\u011br 14\/21 cm (velk\u00fd) Balen\u00ed : S\u00ed\u0165 6\/8 kus\u016f D\u0159ev\u011bn\u00fd bal\u00edk 6\/8 kus\u016f\" \/>\n<meta property=\"og:url\" content=\"https:\/\/www.demex.fr\/cs\/v\u00fdrobek\/cervene-zeli\/\" \/>\n<meta property=\"og:site_name\" content=\"DEMEX\" \/>\n<meta property=\"article:publisher\" content=\"https:\/\/fr-fr.facebook.com\/people\/DEMEX-Potatoes-Vegetables\/100071674261658\/\" \/>\n<meta property=\"og:image\" content=\"https:\/\/www.demex.fr\/wp-content\/uploads\/2022\/06\/chou-rouge.jpg\" \/>\n\t<meta property=\"og:image:width\" content=\"496\" \/>\n\t<meta property=\"og:image:height\" content=\"469\" \/>\n\t<meta property=\"og:image:type\" content=\"image\/jpeg\" \/>\n<meta name=\"twitter:card\" content=\"summary_large_image\" \/>\n<script type=\"application\/ld+json\" class=\"yoast-schema-graph\">{\"@context\":\"https:\/\/schema.org\",\"@graph\":[{\"@type\":\"WebPage\",\"@id\":\"https:\/\/www.demex.fr\/cs\/v\u00fdrobek\/cervene-zeli\/\",\"url\":\"https:\/\/www.demex.fr\/cs\/v\u00fdrobek\/cervene-zeli\/\",\"name\":\"\u010cerven\u00e9 zel\u00ed,v\u00fdvoz na sv\u011btov\u00fd trh | DEMEX\",\"isPartOf\":{\"@id\":\"https:\/\/www.demex.fr\/cs\/#website\"},\"datePublished\":\"2022-06-08T13:53:07+00:00\",\"dateModified\":\"2022-06-08T13:53:07+00:00\",\"breadcrumb\":{\"@id\":\"https:\/\/www.demex.fr\/cs\/v\u00fdrobek\/cervene-zeli\/#breadcrumb\"},\"inLanguage\":\"cs\",\"potentialAction\":[{\"@type\":\"ReadAction\",\"target\":[\"https:\/\/www.demex.fr\/cs\/v\u00fdrobek\/cervene-zeli\/\"]}]},{\"@type\":\"BreadcrumbList\",\"@id\":\"https:\/\/www.demex.fr\/cs\/v\u00fdrobek\/cervene-zeli\/#breadcrumb\",\"itemListElement\":[{\"@type\":\"ListItem\",\"position\":1,\"name\":\"Accueil\",\"item\":\"https:\/\/www.demex.fr\/cs\/\"},{\"@type\":\"ListItem\",\"position\":2,\"name\":\"Na\u0161e produkty\",\"item\":\"https:\/\/www.demex.fr\/cs\/nase-produkty\/\"},{\"@type\":\"ListItem\",\"position\":3,\"name\":\"\u010cerven\u00e9 zel\u00ed\"}]},{\"@type\":\"WebSite\",\"@id\":\"https:\/\/www.demex.fr\/cs\/#website\",\"url\":\"https:\/\/www.demex.fr\/cs\/\",\"name\":\"DEMEX\",\"description\":\"N\u00e9goce-Conditionneur en Pommes de terre\",\"publisher\":{\"@id\":\"https:\/\/www.demex.fr\/cs\/#organization\"},\"potentialAction\":[{\"@type\":\"SearchAction\",\"target\":{\"@type\":\"EntryPoint\",\"urlTemplate\":\"https:\/\/www.demex.fr\/cs\/?s={search_term_string}\"},\"query-input\":\"required name=search_term_string\"}],\"inLanguage\":\"cs\"},{\"@type\":\"Organization\",\"@id\":\"https:\/\/www.demex.fr\/cs\/#organization\",\"name\":\"DEMEX\",\"url\":\"https:\/\/www.demex.fr\/cs\/\",\"logo\":{\"@type\":\"ImageObject\",\"inLanguage\":\"cs\",\"@id\":\"https:\/\/www.demex.fr\/cs\/#\/schema\/logo\/image\/\",\"url\":\"https:\/\/demex.lilyweb.fr\/wp-content\/uploads\/2022\/02\/logo-Demex.png\",\"contentUrl\":\"https:\/\/demex.lilyweb.fr\/wp-content\/uploads\/2022\/02\/logo-Demex.png\",\"width\":145,\"height\":63,\"caption\":\"DEMEX\"},\"image\":{\"@id\":\"https:\/\/www.demex.fr\/cs\/#\/schema\/logo\/image\/\"},\"sameAs\":[\"https:\/\/fr-fr.facebook.com\/people\/DEMEX-Potatoes-Vegetables\/100071674261658\/\"]}]}<\/script>\n<!-- \/ Yoast SEO plugin. -->","yoast_head_json":{"title":"\u010cerven\u00e9 zel\u00ed,v\u00fdvoz na sv\u011btov\u00fd trh | DEMEX","robots":{"index":"index","follow":"follow","max-snippet":"max-snippet:-1","max-image-preview":"max-image-preview:large","max-video-preview":"max-video-preview:-1"},"canonical":"https:\/\/www.demex.fr\/cs\/v\u00fdrobek\/cervene-zeli\/","og_locale":"cs_CZ","og_type":"article","og_title":"\u010cerven\u00e9 zel\u00ed,v\u00fdvoz na sv\u011btov\u00fd trh | DEMEX","og_description":"P\u016fvod : Francie, Hauts-de-France R\u00e1\u017ee : Pr\u016fm\u011br 11\/16 cm (st\u0159edn\u00ed) Pr\u016fm\u011br 14\/21 cm (velk\u00fd) Balen\u00ed : S\u00ed\u0165 6\/8 kus\u016f D\u0159ev\u011bn\u00fd bal\u00edk 6\/8 kus\u016f","og_url":"https:\/\/www.demex.fr\/cs\/v\u00fdrobek\/cervene-zeli\/","og_site_name":"DEMEX","article_publisher":"https:\/\/fr-fr.facebook.com\/people\/DEMEX-Potatoes-Vegetables\/100071674261658\/","og_image":[{"width":496,"height":469,"url":"https:\/\/www.demex.fr\/wp-content\/uploads\/2022\/06\/chou-rouge.jpg","type":"image\/jpeg"}],"twitter_card":"summary_large_image","schema":{"@context":"https:\/\/schema.org","@graph":[{"@type":"WebPage","@id":"https:\/\/www.demex.fr\/cs\/v\u00fdrobek\/cervene-zeli\/","url":"https:\/\/www.demex.fr\/cs\/v\u00fdrobek\/cervene-zeli\/","name":"\u010cerven\u00e9 zel\u00ed,v\u00fdvoz na sv\u011btov\u00fd trh | DEMEX","isPartOf":{"@id":"https:\/\/www.demex.fr\/cs\/#website"},"datePublished":"2022-06-08T13:53:07+00:00","dateModified":"2022-06-08T13:53:07+00:00","breadcrumb":{"@id":"https:\/\/www.demex.fr\/cs\/v\u00fdrobek\/cervene-zeli\/#breadcrumb"},"inLanguage":"cs","potentialAction":[{"@type":"ReadAction","target":["https:\/\/www.demex.fr\/cs\/v\u00fdrobek\/cervene-zeli\/"]}]},{"@type":"BreadcrumbList","@id":"https:\/\/www.demex.fr\/cs\/v\u00fdrobek\/cervene-zeli\/#breadcrumb","itemListElement":[{"@type":"ListItem","position":1,"name":"Accueil","item":"https:\/\/www.demex.fr\/cs\/"},{"@type":"ListItem","position":2,"name":"Na\u0161e produkty","item":"https:\/\/www.demex.fr\/cs\/nase-produkty\/"},{"@type":"ListItem","position":3,"name":"\u010cerven\u00e9 zel\u00ed"}]},{"@type":"WebSite","@id":"https:\/\/www.demex.fr\/cs\/#website","url":"https:\/\/www.demex.fr\/cs\/","name":"DEMEX","description":"N\u00e9goce-Conditionneur en Pommes de terre","publisher":{"@id":"https:\/\/www.demex.fr\/cs\/#organization"},"potentialAction":[{"@type":"SearchAction","target":{"@type":"EntryPoint","urlTemplate":"https:\/\/www.demex.fr\/cs\/?s={search_term_string}"},"query-input":"required name=search_term_string"}],"inLanguage":"cs"},{"@type":"Organization","@id":"https:\/\/www.demex.fr\/cs\/#organization","name":"DEMEX","url":"https:\/\/www.demex.fr\/cs\/","logo":{"@type":"ImageObject","inLanguage":"cs","@id":"https:\/\/www.demex.fr\/cs\/#\/schema\/logo\/image\/","url":"https:\/\/demex.lilyweb.fr\/wp-content\/uploads\/2022\/02\/logo-Demex.png","contentUrl":"https:\/\/demex.lilyweb.fr\/wp-content\/uploads\/2022\/02\/logo-Demex.png","width":145,"height":63,"caption":"DEMEX"},"image":{"@id":"https:\/\/www.demex.fr\/cs\/#\/schema\/logo\/image\/"},"sameAs":["https:\/\/fr-fr.facebook.com\/people\/DEMEX-Potatoes-Vegetables\/100071674261658\/"]}]}},"_links":{"self":[{"href":"https:\/\/www.demex.fr\/cs\/wp-json\/wp\/v2\/product\/5751","targetHints":{"allow":["GET"]}}],"collection":[{"href":"https:\/\/www.demex.fr\/cs\/wp-json\/wp\/v2\/product"}],"about":[{"href":"https:\/\/www.demex.fr\/cs\/wp-json\/wp\/v2\/types\/product"}],"wp:featuredmedia":[{"embeddable":true,"href":"https:\/\/www.demex.fr\/cs\/wp-json\/wp\/v2\/media\/4107"}],"wp:attachment":[{"href":"https:\/\/www.demex.fr\/cs\/wp-json\/wp\/v2\/media?parent=5751"}],"wp:term":[{"taxonomy":"product_cat","embeddable":true,"href":"https:\/\/www.demex.fr\/cs\/wp-json\/wp\/v2\/product_cat?post=5751"},{"taxonomy":"product_tag","embeddable":true,"href":"https:\/\/www.demex.fr\/cs\/wp-json\/wp\/v2\/product_tag?post=5751"}],"curies":[{"name":"wp","href":"https:\/\/api.w.org\/{rel}","templated":true}]}}